{"id":1816,"date":"2022-12-14T14:51:35","date_gmt":"2022-12-14T13:51:35","guid":{"rendered":"https:\/\/budokanporrentruy.ch\/?page_id=1816"},"modified":"2022-12-14T15:10:48","modified_gmt":"2022-12-14T14:10:48","slug":"championnat-jurassien-individuel-2022","status":"publish","type":"page","link":"https:\/\/budokanporrentruy.ch\/index.php\/judo\/championnats-ju\/championnats-individuels\/championnat-jurassien-individuel-2022\/","title":{"rendered":"Championnat jurassien individuel 2022"},"content":{"rendered":"\n<p><strong>Au terme d&rsquo;une saison bien charg\u00e9e, les traditionnels Championnats jurassiens 2022 de judo se sont tenus ce dimanche 12 d\u00e9cembre dans la salle de l&rsquo;Oiselier, \u00e0 Porrentruy. Vingt-quatre titres cantonaux ont \u00e9t\u00e9 attribu\u00e9s aux quelque 85 participant\ua78fe\ua78fs, durant une journ\u00e9e de comp\u00e9tition qui s&rsquo;est tenue sous le signe de l&rsquo;engagement et de la sportivit\u00e9.<\/strong><\/p>\n<p>En comptant les doubles-entr\u00e9es (dans deux cat\u00e9gories diff\u00e9rentes), le tournoi a enregistr\u00e9 au total 97 inscriptions. C\u2019est moins que l\u2019ann\u00e9e pr\u00e9c\u00e9dente (102). La diff\u00e9rence se joue principalement dans les cat\u00e9gories Elites, en particulier chez les femmes. \u00c0 noter en revanche, le beau retour du JC Bo\u00e9court, qui pr\u00e9sente cette ann\u00e9e le double d&rsquo;inscriptions que l&rsquo;ann\u00e9e derni\u00e8re.<\/p>\n<p>Comme l\u2019ann\u00e9e pass\u00e9e, le clou de la matin\u00e9e a \u00e9t\u00e9 l&rsquo;organisation d&rsquo;une cat\u00e9gorie Open chez les \u00e9lites. En raison du faible nombre d\u2019inscrites chez les dames, une seule cat\u00e9gorie mixte a \u00e9t\u00e9 propos\u00e9e, donnant lieu \u00e0 quelques affiches in\u00e9dites pour le bonheur du public pr\u00e9sent.<\/p>\n<div id=\"attachment_1822\" style=\"width: 310px\" class=\"wp-caption alignleft\"><img loading=\"lazy\" decoding=\"async\" aria-describedby=\"caption-attachment-1822\" class=\"wp-image-1822 size-medium\" src=\"https:\/\/budokanporrentruy.ch\/wp-content\/uploads\/2022\/12\/Participants-cat\u00e9gorie-Open-2022-300x212.jpg\" alt=\"Dix combattants et combattantes de Judo Jura ont particip\u00e9 \u00e0 la cat\u00e9gorie Open\" width=\"300\" height=\"212\" srcset=\"https:\/\/budokanporrentruy.ch\/wp-content\/uploads\/2022\/12\/Participants-cat\u00e9gorie-Open-2022-300x212.jpg 300w, https:\/\/budokanporrentruy.ch\/wp-content\/uploads\/2022\/12\/Participants-cat\u00e9gorie-Open-2022.jpg 595w\" sizes=\"(max-width: 300px) 100vw, 300px\" \/><p id=\"caption-attachment-1822\" class=\"wp-caption-text\">Dix combattants et combattantes de Judo Jura ont particip\u00e9 \u00e0 la cat\u00e9gorie Open<\/p><\/div>\n<p>Cette cat\u00e9gorie a d\u00e9bouch\u00e9 une victoire solide de Loan Celikbilek (JC Del\u00e9mont), judoka professionnel et actuel fer de lance de notre sport dans la r\u00e9gion. Il s&rsquo;est impos\u00e9 contre le tenant du titre Manu Stegmueller (JC Moutier).<\/p>\n<p>&nbsp;<\/p>\n<p><strong>&gt;&gt; Les podiums par cat\u00e9gories :<\/strong><\/p>\n<p><a href=\"https:\/\/budokanporrentruy.ch\/wp-content\/uploads\/2022\/12\/CJI-2022-Podiums.pdf\">CJI 2022 &#8211; Podiums<\/a><\/p>\n\n\n\n<p>\u00a0<\/p>\n<p>\u00a0<\/p>\n<p>Avant la pause de midi, comme il en est l&rsquo;usage, le nouveau pr\u00e9sident de l&rsquo;AJJ Dominique Berthold a pris la parole pour tirer le bilan de l&rsquo;ann\u00e9e 2022 et r\u00e9compenser les qualifi\u00e9\ua78fe\ua78fs et m\u00e9daill\u00e9\ua78fe\ua78fs aux championnats nationaux.<\/p>\n<p>Enfin, au bilan final de la journ\u00e9e, le Budo-Kan Porrentruy d\u00e9fend sa premi\u00e8re place au classement des m\u00e9dailles, d\u00e9j\u00e0 acquise l&rsquo;an pass\u00e9. Le club s&rsquo;impose de justesse devant le JC Del\u00e9mont. Le JC Moutier compl\u00e8te le podium.<\/p>\n<p>\u00a0<\/p>\n<p><strong>&gt;&gt; Tableau des m\u00e9dailles:<\/strong><\/p>\n<p><img loading=\"lazy\" decoding=\"async\" class=\"wp-image-1836 alignleft\" src=\"https:\/\/budokanporrentruy.ch\/wp-content\/uploads\/2022\/12\/Tableau-m\u00e9dailles-300x117.png\" alt=\"\" width=\"571\" height=\"223\" srcset=\"https:\/\/budokanporrentruy.ch\/wp-content\/uploads\/2022\/12\/Tableau-m\u00e9dailles-300x117.png 300w, https:\/\/budokanporrentruy.ch\/wp-content\/uploads\/2022\/12\/Tableau-m\u00e9dailles-768x299.png 768w, https:\/\/budokanporrentruy.ch\/wp-content\/uploads\/2022\/12\/Tableau-m\u00e9dailles-1024x398.png 1024w, https:\/\/budokanporrentruy.ch\/wp-content\/uploads\/2022\/12\/Tableau-m\u00e9dailles.png 1031w\" sizes=\"(max-width: 571px) 100vw, 571px\" \/><\/p>\n<p>\u00a0<\/p>\n<p>\u00a0<\/p>\n<p>\u00a0<\/p>\n<p>\u00a0<\/p>\n<p>\u00a0<\/p>\n<p>\u00a0<\/p>\n<p>\u00a0<\/p>\n<p>\u00a0<\/p>\n<p><strong>&gt;&gt; D\u00e9tail et r\u00e9partition:\u00a0<\/strong><a href=\"https:\/\/budokanporrentruy.ch\/wp-content\/uploads\/2022\/12\/CJI-2022-M\u00e9dailles.pdf\">CJI 2022 &#8211; M\u00e9dailles<\/a><\/p>\n","protected":false},"excerpt":{"rendered":"<p>Au terme d&rsquo;une saison bien charg\u00e9e, les traditionnels Championnats jurassiens 2022 de judo se sont tenus ce dimanche 12 d\u00e9cembre dans la salle de l&rsquo;Oiselier, \u00e0 Porrentruy. Vingt-quatre titres cantonaux ont \u00e9t\u00e9 attribu\u00e9s aux quelque 85 participant\ua78fe\ua78fs, durant une journ\u00e9e de comp\u00e9tition qui s&rsquo;est tenue sous le signe de l&rsquo;engagement et de la sportivit\u00e9. En&#8230;<\/p>\n<p><a href=\"https:\/\/budokanporrentruy.ch\/index.php\/judo\/championnats-ju\/championnats-individuels\/championnat-jurassien-individuel-2022\/\"><span class=\"glyphicon glyphicon-arrow-right\"><\/span>&nbsp;Poursuivre la lecture<\/a><\/p>","protected":false},"author":1,"featured_media":0,"parent":1516,"menu_order":0,"comment_status":"closed","ping_status":"closed","template":"","meta":{"footnotes":""},"class_list":["post-1816","page","type-page","status-publish","hentry"],"_links":{"self":[{"href":"https:\/\/budokanporrentruy.ch\/index.php\/wp-json\/wp\/v2\/pages\/1816"}],"collection":[{"href":"https:\/\/budokanporrentruy.ch\/index.php\/wp-json\/wp\/v2\/pages"}],"about":[{"href":"https:\/\/budokanporrentruy.ch\/index.php\/wp-json\/wp\/v2\/types\/page"}],"author":[{"embeddable":true,"href":"https:\/\/budokanporrentruy.ch\/index.php\/wp-json\/wp\/v2\/users\/1"}],"replies":[{"embeddable":true,"href":"https:\/\/budokanporrentruy.ch\/index.php\/wp-json\/wp\/v2\/comments?post=1816"}],"version-history":[{"count":31,"href":"https:\/\/budokanporrentruy.ch\/index.php\/wp-json\/wp\/v2\/pages\/1816\/revisions"}],"predecessor-version":[{"id":1859,"href":"https:\/\/budokanporrentruy.ch\/index.php\/wp-json\/wp\/v2\/pages\/1816\/revisions\/1859"}],"up":[{"embeddable":true,"href":"https:\/\/budokanporrentruy.ch\/index.php\/wp-json\/wp\/v2\/pages\/1516"}],"wp:attachment":[{"href":"https:\/\/budokanporrentruy.ch\/index.php\/wp-json\/wp\/v2\/media?parent=1816"}],"curies":[{"name":"wp","href":"https:\/\/api.w.org\/{rel}","templated":true}]}}